{"id":9,"date":"2025-01-29T11:14:53","date_gmt":"2025-01-29T10:14:53","guid":{"rendered":"https:\/\/terredebienetrebymarie.fr\/?page_id=9"},"modified":"2026-03-17T15:41:47","modified_gmt":"2026-03-17T14:41:47","slug":"accueil","status":"publish","type":"page","link":"https:\/\/terredebienetrebymarie.fr\/","title":{"rendered":"Accueil"},"content":{"rendered":"<div class=\"wpb-content-wrapper\"><p>[vc_section css=\u00a0\u00bb.vc_custom_1741944032058{padding-top: 30px !important;}\u00a0\u00bb][vc_row][vc_column animation=\u00a0\u00bbfade-in-from-left\u00a0\u00bb column_center=\u00a0\u00bbtrue\u00a0\u00bb width=\u00a0\u00bb1\/2&Prime;][vc_column_text]<\/p>\n<h1>Bienvenue chez Terre de Bien-\u00catre By Marie \u00e0 Dambach-la-Ville<\/h1>\n<p>Repris en 2019 par Marie, coiffeuse passionn\u00e9e depuis 2014, <b>Terre de Bien-\u00catre By Marie<\/b> est bien plus qu\u2019un salon de coiffure. Le salon propose une exp\u00e9rience unique, alliant expertise coiffure et moments de d\u00e9tente.[\/vc_column_text][\/vc_column][vc_column width=\u00a0\u00bb1\/2&Prime;][vc_single_image image=\u00a0\u00bb34&Prime; img_size=\u00a0\u00bbfull\u00a0\u00bb alignment=\u00a0\u00bbcenter\u00a0\u00bb style=\u00a0\u00bbvc_box_rounded\u00a0\u00bb css=\u00a0\u00bb\u00a0\u00bb][\/vc_column][\/vc_row][\/vc_section][vc_section full_width=\u00a0\u00bbstretch_row\u00a0\u00bb css=\u00a0\u00bb.vc_custom_1738163704526{padding-top: 80px !important;padding-bottom: 80px !important;}\u00a0\u00bb][vc_row type=\u00a0\u00bbfull_width_section\u00a0\u00bb][vc_column animation=\u00a0\u00bbfade-in-from-left\u00a0\u00bb column_center=\u00a0\u00bbtrue\u00a0\u00bb width=\u00a0\u00bb1\/2&Prime;][vc_single_image image=\u00a0\u00bb114&Prime; img_size=\u00a0\u00bbfull\u00a0\u00bb alignment=\u00a0\u00bbcenter\u00a0\u00bb css=\u00a0\u00bb\u00a0\u00bb][\/vc_column][vc_column animation=\u00a0\u00bbfade-in-from-right\u00a0\u00bb column_padding=\u00a0\u00bbpadding-6&Prime; width=\u00a0\u00bb1\/2&Prime;][vc_column_text]<\/p>\n<h2>Un concept zen et exclusif<\/h2>\n<p>D\u00e9couvrez une pi\u00e8ce privative d\u00e9di\u00e9e au soin des cheveux : profitez de massages du cuir chevelu sur un fauteuil massant dans une ambiance apaisante et zen.[\/vc_column_text]<a href=\"https:\/\/terredebienetrebymarie.fr\/index.php\/partenaires-et-valeurs\/\" target=\"_self\" class=\"button color-2 medium \" style=\"border-radius: 2px;\">Nos valeurs<\/a><a href=\"https:\/\/home.shortcutssoftware.com\/terredebienetrebymarie\" target=\"_blank\" class=\"button color-3 medium \" style=\"border-radius: 2px;\">R\u00e9server<\/a>[\/vc_column][\/vc_row][\/vc_section][vc_section][vc_row][vc_column animation=\u00a0\u00bbfade-in-from-left\u00a0\u00bb column_center=\u00a0\u00bbtrue\u00a0\u00bb width=\u00a0\u00bb1\/2&Prime;][vc_column_text]<\/p>\n<h2>Pour toute la famille<\/h2>\n<p>Nous proposons des prestations pour hommes, femmes et enfants : coupes, brushing, m\u00e8ches, colorations, soins capillaires, massages et conseils en visagisme.<\/p>\n<p>Messieurs, laissez-vous \u00e9galement s\u00e9duire par notre service coupe et taille de barbe.[\/vc_column_text]<a href=\"https:\/\/terredebienetrebymarie.fr\/index.php\/prestations\/\" target=\"_self\" class=\"button color-2 medium \" style=\"border-radius: 2px;\">Nos prestations<\/a><a href=\"https:\/\/home.shortcutssoftware.com\/terredebienetrebymarie\" target=\"_blank\" class=\"button color-3 medium \" style=\"border-radius: 2px;\">R\u00e9server<\/a>[\/vc_column][vc_column animation=\u00a0\u00bbfade-in-from-right\u00a0\u00bb width=\u00a0\u00bb1\/2&Prime;][vc_single_image image=\u00a0\u00bb112&Prime; img_size=\u00a0\u00bbfull\u00a0\u00bb alignment=\u00a0\u00bbcenter\u00a0\u00bb style=\u00a0\u00bbvc_box_rounded\u00a0\u00bb css=\u00a0\u00bb\u00a0\u00bb][\/vc_column][\/vc_row][\/vc_section][vc_section css=\u00a0\u00bb.vc_custom_1769070994378{padding-top: 120px !important;padding-bottom: 120px !important;}\u00a0\u00bb][vc_row][vc_column animation=\u00a0\u00bbfade-in-from-left\u00a0\u00bb column_center=\u00a0\u00bbtrue\u00a0\u00bb width=\u00a0\u00bb1\/1&Prime;][vc_column_text]<\/p>\n<h2 style=\"text-align: center;\">Notre \u00e9quipe<\/h2>\n<p>[\/vc_column_text][\/vc_column][\/vc_row][vc_row top_padding=\u00a0\u00bb40&Prime;][vc_column animation=\u00a0\u00bbfade-in-from-left\u00a0\u00bb column_center=\u00a0\u00bbtrue\u00a0\u00bb width=\u00a0\u00bb1\/4&Prime;][\/vc_column][vc_column width=\u00a0\u00bb1\/2&Prime;][vc_single_image image=\u00a0\u00bb187&Prime; img_size=\u00a0\u00bbfull\u00a0\u00bb alignment=\u00a0\u00bbcenter\u00a0\u00bb css=\u00a0\u00bb\u00a0\u00bb][\/vc_column][vc_column width=\u00a0\u00bb1\/4&Prime;][\/vc_column][\/vc_row][vc_row][vc_column column_padding=\u00a0\u00bbpadding-3&Prime; width=\u00a0\u00bb1\/3&Prime;][vc_column_text]<\/p>\n<h3 style=\"text-align: center;\">Marie<\/h3>\n<p>\u00ab\u00a0G\u00e9rante du salon depuis 2019 et dipl\u00f4m\u00e9e du brevet professionnel, je suis passionn\u00e9e par la coiffure depuis mon enfance. Souriante, dynamique et perfectionniste, j\u2019aime prendre soin de mes clients et leur offrir une exp\u00e9rience personnalis\u00e9e. Mon engagement est de toujours fournir un service de qualit\u00e9 et de satisfaire chaque besoin avec attention.\u00a0\u00bb[\/vc_column_text][\/vc_column][vc_column column_padding=\u00a0\u00bbpadding-3&Prime; width=\u00a0\u00bb1\/3\u00a0\u00bb][vc_column_text]<\/p>\n<h3 style=\"text-align: center;\">Emma<\/h3>\n<p>\u00ab Actuellement en CAP, motiv\u00e9e et impliqu\u00e9e dans mon apprentissage. J\u2019aime apprendre, progresser et donner le meilleur de moi-m\u00eame. Je suis s\u00e9rieuse, \u00e0 l\u2019\u00e9coute pr\u00eate \u00e0 r\u00e9pondre \u00e0 vos attentes et \u00e0 vous chouchouter \u00bb.[\/vc_column_text][\/vc_column][vc_column column_padding=\u00a0\u00bbpadding-3&Prime; width=\u00a0\u00bb1\/3&Prime;][vc_column_text]<\/p>\n<h3 style=\"text-align: center;\">Chlo\u00e9<\/h3>\n<p>\u00ab\u00a0Je suis coiffeuse, titulaire du Brevet Professionnel, et passionn\u00e9e par mon m\u00e9tier depuis toute petite. Mon objectif est de sublimer chaque personne qui me confie ses cheveux, en \u00e9tant toujours \u00e0 l\u2019\u00e9coute de ses envies. Souriante, pleine de vie et m\u00e9ticuleuse, je prends le temps de bien \u00e9couter chaque client pour lui offrir une coupe ou coiffure qui lui correspond parfaitement.\u00a0\u00bb[\/vc_column_text][\/vc_column][\/vc_row][\/vc_section][vc_row type=\u00a0\u00bbfull_width_section\u00a0\u00bb][vc_column width=\u00a0\u00bb1\/1&Prime;][vc_raw_html css=\u00a0\u00bb\u00a0\u00bb]JTNDc2NyaXB0JTIwc3JjJTNEJTIyaHR0cHMlM0ElMkYlMkZzdGF0aWMuZWxmc2lnaHQuY29tJTJGcGxhdGZvcm0lMkZwbGF0Zm9ybS5qcyUyMiUyMGFzeW5jJTNFJTNDJTJGc2NyaXB0JTNFJTBEJTBBJTNDZGl2JTIwY2xhc3MlM0QlMjJlbGZzaWdodC1hcHAtZmFkMzM2MDQtYTlmMi00ZDEyLTk3ZjgtYTM5ODM5YTQxMmNjJTIyJTIwZGF0YS1lbGZzaWdodC1hcHAtbGF6eSUzRSUzQyUyRmRpdiUzRQ==[\/vc_raw_html][\/vc_column][\/vc_row][vc_row][vc_column width=\u00a0\u00bb1\/1&Prime;][\/vc_column][\/vc_row]<\/p>\n<\/div>","protected":false},"excerpt":{"rendered":"<p>[vc_section css=\u00a0\u00bb.vc_custom_1741944032058{padding-top: 30px !important;}\u00a0\u00bb][vc_row][vc_column animation=\u00a0\u00bbfade-in-from-left\u00a0\u00bb column_center=\u00a0\u00bbtrue\u00a0\u00bb width=\u00a0\u00bb1\/2&Prime;][vc_column_text] Bienvenue chez Terre de Bien-\u00catre By Marie \u00e0 Dambach-la-Ville Repris en 2019 par Marie, coiffeuse passionn\u00e9e depuis 2014, Terre de Bien-\u00catre By Marie est bien plus qu\u2019un salon de coiffure. Le salon propose une exp\u00e9rience unique, alliant expertise coiffure et moments de d\u00e9tente.[\/vc_column_text][\/vc_column][vc_column width=\u00a0\u00bb1\/2&Prime;][vc_single_image image=\u00a0\u00bb34&Prime; img_size=\u00a0\u00bbfull\u00a0\u00bb alignment=\u00a0\u00bbcenter\u00a0\u00bb style=\u00a0\u00bbvc_box_rounded\u00a0\u00bb css=\u00a0\u00bb\u00a0\u00bb][\/vc_column][\/vc_row][\/vc_section][vc_section full_width=\u00a0\u00bbstretch_row\u00a0\u00bb css=\u00a0\u00bb.vc_custom_1738163704526{padding-top: 80px !important;padding-bottom: 80px !important;}\u00a0\u00bb][vc_row type=\u00a0\u00bbfull_width_section\u00a0\u00bb][vc_column animation=\u00a0\u00bbfade-in-from-left\u00a0\u00bb column_center=\u00a0\u00bbtrue\u00a0\u00bb width=\u00a0\u00bb1\/2&Prime;][vc_single_image image=\u00a0\u00bb114&Prime; img_size=\u00a0\u00bbfull\u00a0\u00bb alignment=\u00a0\u00bbcenter\u00a0\u00bb css=\u00a0\u00bb\u00a0\u00bb][\/vc_column][vc_column animation=\u00a0\u00bbfade-in-from-right\u00a0\u00bb column_padding=\u00a0\u00bbpadding-6&Prime; width=\u00a0\u00bb1\/2&Prime;][vc_column_text] Un concept zen et exclusif D\u00e9couvrez une pi\u00e8ce privative d\u00e9di\u00e9e au soin des cheveux : profitez de massages du cuir chevelu sur un fauteuil massant dans une ambiance apaisante et zen.[\/vc_column_text][\/vc_column][\/vc_row][\/vc_section][vc_section][vc_row][vc_column animation=\u00a0\u00bbfade-in-from-left\u00a0\u00bb column_center=\u00a0\u00bbtrue\u00a0\u00bb width=\u00a0\u00bb1\/2&Prime;][vc_column_text] Pour toute la famille Nous proposons des prestations pour hommes, femmes et enfants : coupes, brushing, m\u00e8ches, colorations, soins capillaires, massages et conseils en visagisme. Messieurs, laissez-vous \u00e9galement s\u00e9duire par notre service coupe et taille de barbe.[\/vc_column_text][\/vc_column][vc_column animation=\u00a0\u00bbfade-in-from-right\u00a0\u00bb width=\u00a0\u00bb1\/2&Prime;][vc_single_image image=\u00a0\u00bb112&Prime; img_size=\u00a0\u00bbfull\u00a0\u00bb alignment=\u00a0\u00bbcenter\u00a0\u00bb style=\u00a0\u00bbvc_box_rounded\u00a0\u00bb css=\u00a0\u00bb\u00a0\u00bb][\/vc_column][\/vc_row][\/vc_section][vc_section css=\u00a0\u00bb.vc_custom_1769070994378{padding-top: 120px !important;padding-bottom: 120px !important;}\u00a0\u00bb][vc_row][vc_column animation=\u00a0\u00bbfade-in-from-left\u00a0\u00bb column_center=\u00a0\u00bbtrue\u00a0\u00bb width=\u00a0\u00bb1\/1&Prime;][vc_column_text] Notre \u00e9quipe [\/vc_column_text][\/vc_column][\/vc_row][vc_row top_padding=\u00a0\u00bb40&Prime;][vc_column animation=\u00a0\u00bbfade-in-from-left\u00a0\u00bb column_center=\u00a0\u00bbtrue\u00a0\u00bb width=\u00a0\u00bb1\/4&Prime;][\/vc_column][vc_column width=\u00a0\u00bb1\/2&Prime;][vc_single_image image=\u00a0\u00bb187&Prime; img_size=\u00a0\u00bbfull\u00a0\u00bb alignment=\u00a0\u00bbcenter\u00a0\u00bb css=\u00a0\u00bb\u00a0\u00bb][\/vc_column][vc_column width=\u00a0\u00bb1\/4&Prime;][\/vc_column][\/vc_row][vc_row][vc_column column_padding=\u00a0\u00bbpadding-3&Prime; width=\u00a0\u00bb1\/3&Prime;][vc_column_text] Marie \u00ab\u00a0G\u00e9rante du salon depuis 2019 et dipl\u00f4m\u00e9e du brevet professionnel, je suis passionn\u00e9e par la coiffure depuis mon enfance. Souriante, dynamique et perfectionniste, j\u2019aime prendre [&hellip;]<\/p>\n","protected":false},"author":1,"featured_media":0,"parent":0,"menu_order":0,"comment_status":"closed","ping_status":"closed","template":"","meta":{"footnotes":""},"class_list":["post-9","page","type-page","status-publish","hentry"],"_links":{"self":[{"href":"https:\/\/terredebienetrebymarie.fr\/index.php\/wp-json\/wp\/v2\/pages\/9","targetHints":{"allow":["GET"]}}],"collection":[{"href":"https:\/\/terredebienetrebymarie.fr\/index.php\/wp-json\/wp\/v2\/pages"}],"about":[{"href":"https:\/\/terredebienetrebymarie.fr\/index.php\/wp-json\/wp\/v2\/types\/page"}],"author":[{"embeddable":true,"href":"https:\/\/terredebienetrebymarie.fr\/index.php\/wp-json\/wp\/v2\/users\/1"}],"replies":[{"embeddable":true,"href":"https:\/\/terredebienetrebymarie.fr\/index.php\/wp-json\/wp\/v2\/comments?post=9"}],"version-history":[{"count":49,"href":"https:\/\/terredebienetrebymarie.fr\/index.php\/wp-json\/wp\/v2\/pages\/9\/revisions"}],"predecessor-version":[{"id":197,"href":"https:\/\/terredebienetrebymarie.fr\/index.php\/wp-json\/wp\/v2\/pages\/9\/revisions\/197"}],"wp:attachment":[{"href":"https:\/\/terredebienetrebymarie.fr\/index.php\/wp-json\/wp\/v2\/media?parent=9"}],"curies":[{"name":"wp","href":"https:\/\/api.w.org\/{rel}","templated":true}]}}